{"id":13108,"date":"2024-05-30T08:37:54","date_gmt":"2024-05-30T08:37:54","guid":{"rendered":"https:\/\/we-building.org\/sonomoro\/"},"modified":"2024-05-30T11:24:00","modified_gmt":"2024-05-30T11:24:00","slug":"sonomoro","status":"publish","type":"page","link":"https:\/\/we-building.org\/de\/sonomoro\/","title":{"rendered":"sonomoro"},"content":{"rendered":"\t\t<div data-elementor-type=\"wp-page\" data-elementor-id=\"13108\" class=\"elementor elementor-13108 elementor-13075\" data-elementor-post-type=\"page\">\n\t\t\t\t\t\t<section data-particle_enable=\"false\" data-particle-mobile-disabled=\"false\" class=\"elementor-section elementor-top-section elementor-element elementor-element-3df488b elementor-section-full_width elementor-section-height-min-height elementor-section-items-stretch elementor-section-content-middle elementor-section-height-default\" data-id=\"3df488b\" data-element_type=\"section\" data-e-type=\"section\">\n\t\t\t\t\t\t<div class=\"elementor-container elementor-column-gap-no\">\n\t\t\t\t\t<div class=\"elementor-column elementor-col-50 elementor-top-column elementor-element elementor-element-fc37202 elementor-hidden-mobile\" data-id=\"fc37202\" data-element_type=\"column\" data-e-type=\"column\" data-settings=\"{&quot;background_background&quot;:&quot;classic&quot;}\">\n\t\t\t<div class=\"elementor-widget-wrap elementor-element-populated\">\n\t\t\t\t\t\t<div class=\"elementor-element elementor-element-93efaed elementor-hidden-desktop elementor-hidden-tablet elementor-widget elementor-widget-image\" data-id=\"93efaed\" data-element_type=\"widget\" data-e-type=\"widget\" data-widget_type=\"image.default\">\n\t\t\t\t<div class=\"elementor-widget-container\">\n\t\t\t\t\t\t\t\t\t\t\t\t\t\t\t<img fetchpriority=\"high\" decoding=\"async\" width=\"1024\" height=\"768\" src=\"https:\/\/we-building.org\/wp-content\/uploads\/2024\/05\/IMG_4461-1024x768.jpg\" class=\"attachment-large size-large wp-image-13067\" alt=\"\" srcset=\"https:\/\/we-building.org\/wp-content\/uploads\/2024\/05\/IMG_4461-1024x768.jpg 1024w, https:\/\/we-building.org\/wp-content\/uploads\/2024\/05\/IMG_4461-300x225.jpg 300w, https:\/\/we-building.org\/wp-content\/uploads\/2024\/05\/IMG_4461-768x576.jpg 768w, https:\/\/we-building.org\/wp-content\/uploads\/2024\/05\/IMG_4461-1536x1152.jpg 1536w, https:\/\/we-building.org\/wp-content\/uploads\/2024\/05\/IMG_4461-2048x1536.jpg 2048w\" sizes=\"(max-width: 1024px) 100vw, 1024px\" \/>\t\t\t\t\t\t\t\t\t\t\t\t\t\t\t<\/div>\n\t\t\t\t<\/div>\n\t\t\t\t\t<\/div>\n\t\t<\/div>\n\t\t\t\t<div class=\"elementor-column elementor-col-50 elementor-top-column elementor-element elementor-element-08bc168\" data-id=\"08bc168\" data-element_type=\"column\" data-e-type=\"column\" data-settings=\"{&quot;background_background&quot;:&quot;classic&quot;}\">\n\t\t\t<div class=\"elementor-widget-wrap elementor-element-populated\">\n\t\t\t\t\t\t<div class=\"elementor-element elementor-element-05c1ef9 elementor-widget__width-initial elementor-widget elementor-widget-text-editor\" data-id=\"05c1ef9\" data-element_type=\"widget\" data-e-type=\"widget\" data-widget_type=\"text-editor.default\">\n\t\t\t\t<div class=\"elementor-widget-container\">\n\t\t\t\t\t\t\t\t\t<h2><span style=\"color: #ffffff;\"><b>A Preschool in San Antonio de Sonomoro, Peru<\/b><\/span><\/h2><p><strong><span style=\"color: #37b0ac;\">Jahr<\/span><\/strong><br \/><span style=\"color: #ffffff;\">2023 &#8211; Laufend<br \/><\/span><\/p><p><strong><span style=\"color: #37b0ac;\">Standort<\/span><\/strong><br \/><span style=\"color: #ffffff;\">San Antonio de Sonomoro, Pangoa, Jun\u00edn, Per\u00fa.<\/span><\/p><p><span style=\"color: #37b0ac;\"><b>Umfeld<\/b><\/span><br \/><span style=\"color: #ffffff;\">L\u00e4ndlich<\/span><\/p><p><strong><span style=\"color: #37b0ac;\">Gr\u00f6\u00dfe<\/span><\/strong><br \/><span style=\"color: #ffffff;\">3 Klassenzimmer, ein Lehrerzimmer, ein Mehrzweckraum, eine Schulk\u00fcche, 5 Toiletten, ein nachhaltiges Wasser- und Abwassersystem<\/span><\/p><p><strong><span style=\"color: #37b0ac;\">Leistung<\/span><\/strong><br \/><span style=\"color: #ffffff;\">Finanzielle Unterst\u00fctzung<\/span><\/p><p><strong><span style=\"color: #37b0ac;\">Partner<\/span><\/strong><br \/><span style=\"font-weight: 400;\"><a href=\"http:\/\/www.semillasperu.com\/en\/\">Asociaci\u00f3n Semillas para el Desarrollo Sostenible,<\/a><span style=\"color: #ffffff;\"> Bundesministerium f\u00fcr wirtschaftliche Zusammenarbeit und Entwicklung<\/span><\/span><\/p><p><strong><span style=\"color: #37b0ac;\">Nachhaltigkeit<\/span><\/strong><br \/><span style=\"color: #ffffff;\"><span style=\"font-weight: 400;\">Lokale Mitarbeiter, partizipative Prozesse, nat\u00fcrliche Bel\u00fcftung, Grundwasserschutz<\/span><\/span><\/p>\t\t\t\t\t\t\t\t<\/div>\n\t\t\t\t<\/div>\n\t\t\t\t\t<\/div>\n\t\t<\/div>\n\t\t\t\t\t<\/div>\n\t\t<\/section>\n\t\t\t\t<section data-particle_enable=\"false\" data-particle-mobile-disabled=\"false\" class=\"elementor-section elementor-top-section elementor-element elementor-element-4f69a67 elementor-section-full_width elementor-section-height-default elementor-section-height-default\" data-id=\"4f69a67\" data-element_type=\"section\" data-e-type=\"section\">\n\t\t\t\t\t\t<div class=\"elementor-container elementor-column-gap-extended\">\n\t\t\t\t\t<div class=\"elementor-column elementor-col-33 elementor-top-column elementor-element elementor-element-b8fe6ae\" data-id=\"b8fe6ae\" data-element_type=\"column\" data-e-type=\"column\">\n\t\t\t<div class=\"elementor-widget-wrap\">\n\t\t\t\t\t\t\t<\/div>\n\t\t<\/div>\n\t\t\t\t<div class=\"elementor-column elementor-col-33 elementor-top-column elementor-element elementor-element-b2ff426\" data-id=\"b2ff426\" data-element_type=\"column\" data-e-type=\"column\">\n\t\t\t<div class=\"elementor-widget-wrap elementor-element-populated\">\n\t\t\t\t\t\t\t<\/div>\n\t\t<\/div>\n\t\t\t\t<div class=\"elementor-column elementor-col-33 elementor-top-column elementor-element elementor-element-8939d26\" data-id=\"8939d26\" data-element_type=\"column\" data-e-type=\"column\">\n\t\t\t<div class=\"elementor-widget-wrap\">\n\t\t\t\t\t\t\t<\/div>\n\t\t<\/div>\n\t\t\t\t\t<\/div>\n\t\t<\/section>\n\t\t\t\t<section data-particle_enable=\"false\" data-particle-mobile-disabled=\"false\" class=\"elementor-section elementor-top-section elementor-element elementor-element-01353c0 elementor-section-boxed elementor-section-height-default elementor-section-height-default\" data-id=\"01353c0\" data-element_type=\"section\" data-e-type=\"section\">\n\t\t\t\t\t\t<div class=\"elementor-container elementor-column-gap-default\">\n\t\t\t\t\t<div class=\"elementor-column elementor-col-33 elementor-top-column elementor-element elementor-element-df08820\" data-id=\"df08820\" data-element_type=\"column\" data-e-type=\"column\">\n\t\t\t<div class=\"elementor-widget-wrap\">\n\t\t\t\t\t\t\t<\/div>\n\t\t<\/div>\n\t\t\t\t<div class=\"elementor-column elementor-col-33 elementor-top-column elementor-element elementor-element-e0cc098\" data-id=\"e0cc098\" data-element_type=\"column\" data-e-type=\"column\">\n\t\t\t<div class=\"elementor-widget-wrap elementor-element-populated\">\n\t\t\t\t\t\t<div class=\"elementor-element elementor-element-e24703d elementor-widget elementor-widget-text-editor\" data-id=\"e24703d\" data-element_type=\"widget\" data-e-type=\"widget\" data-widget_type=\"text-editor.default\">\n\t\t\t\t<div class=\"elementor-widget-container\">\n\t\t\t\t\t\t\t\t\t<h1 style=\"font-style: normal;\"><span style=\"font-size: 2.1666666666667rem;\">Eine Vorschule in San Antonio de Sonomoro<\/span><\/h1>\n<p dir=\"ltr\"><span style=\"font-weight: 400;\">Dieses Projekt umfasst den Bau einer neuen Vorschule in der indigenen Gemeinde San Antonio de Sonomoro, die die bauf\u00e4llige Vorschule ersetzen soll. Es wurde unter umfassender Beteiligung der Gemeinschaft entworfen und gebaut. Das neue Geb\u00e4ude wird den achtundsechzig Kindern und dem Personal dienen, die derzeit die alten R\u00e4umlichkeiten nutzen.<\/span><\/p>\n<p dir=\"ltr\"><span style=\"font-weight: 400;\"> <\/span><\/p>\n<p dir=\"ltr\"><span style=\"font-size: 13pt; font-style: normal; font-weight: bold; font-family: Arial; font-variant-ligatures: normal; font-variant-east-asian: normal; font-variant-position: normal; white-space: pre-wrap;\">Umfeld<\/span><\/p>\n<p class=\"MsoNormal\">Die Grundschule der Gemeinde San Antonio de Sonomoro befindet sich in Pangoa, am s\u00fcd-\u00f6stlichen Rand von Jun\u00edn. San Antonio de Sonomoro is a rural community of the indigenous Nomatsiguenga group, which has its traditional settlement area in the rainforests of the Amazon. San Antonio de Sonomoro ist eine l\u00e4ndliche Gemeinde der indigenen Gruppe der Nomatsiguenga, die in den Regenw\u00e4ldern des Amazonas ihr traditionelles Siedlungsgebiet hat.<\/p>\n<p class=\"MsoNormal\">\n<p class=\"MsoNormal\">Die Region ist Teil der geopolitische Zone mit dem Namen VRAEM (Valle de los R\u00edos Apurimac, Ene y Mantaro, \u00fcbersetzt: Tal der Fl\u00fcsse Apurimac, Ene und Mantaro). Zwischen den Jahren 1980 und 2000 war die Region Schauplatz verschiedener bewaffneter Konflikte mit zahlreichen Opfern von Polizeigewalt aufseiten der Ureinwohner und der Siedler, was viele Einwohner zur Aussiedlung gezwungen hat. Die verbliebenen Teile der indigenen Gemeinschaft haben heutzutage mit gro\u00dfer Armut und schlechter lokaler Infrastruktur zu k\u00e4mpfen. L\u00e4ndliche Gegenden sind aufgrund der schlechten Stra\u00dfenverh\u00e4ltnisse unterversorgt, was den Zugang zu Gesundheitsdiensten und Bildung angeht.<\/p>\n<p class=\"MsoNormal\">\n<p class=\"MsoNormal\">In Peru gehen per Gesetz Kinder ab 3 Jahren in die Vorschule. Eine solche staatliche Schule wurde 2012 von der Gemeinde selbst als provisorischen Eigenbau nach traditioneller Art mit Altholz gebaut. Die Schule entspricht jedoch nicht den peruanischen Bausicherheitsstandarts und ist bauf\u00e4llig. Im Zweifelsfall sind die Kinder und Lehrenden nicht vor Erdbeben und \u00dcberschwemmungen in der Erdbebenregion gesch\u00fctzt.<\/p>\n<p class=\"MsoNormal\">Zur Zeit besuchen 68 Kinder im Alter von drei bis sechs Jahren die Grundschule.<\/p>\n<p class=\"MsoNormal\">\n<p class=\"MsoNormal\">Die Grundschule ist zu einem Teil aus Blech und zu anderem aus Palmenbl\u00e4ttern \u00fcberdacht. Die Konstruktion des Geb\u00e4udes h\u00e4lt den Wetterbedingungen vor allem in der Regenzeit nicht stand. Der Regen dringt in die Schule ein, was Schimmelbildung und gesundheitliche Folgen f\u00fcr die Kinder und Lehrenden zur Folge hat. Die M\u00f6bel sind f\u00fcr eine Lernumgebung inad\u00e4quat und heruntergekommen. Es fehlt an ad\u00e4quaten Sanit\u00e4ranlagen und einer sicheren Kochstelle. Die Eltern, die f\u00fcr das Kochen der Schulmahlzeiten zust\u00e4ndig sind, sind einer enormen Rauchentwicklung im geschlossenen Raum und Keimen ausgesetzt. Zudem gibt es keinen Raum f\u00fcr das gemeinsame Essen und andere Aktivit\u00e4ten.<\/p>\n<p>Die Wissensvermittlung leidet enorm unter den Voraussetzungen. Aufgrund der schlechten Bedingungen bleiben Sch\u00fcler:innen dem Untrerricht oft fern. Auch die Lehrenden leiden an Demotivation. Es gibt im Geb\u00e4ude kein Lehrerzimmer. Das hei\u00dft, die Lehrenden k\u00f6nnen sich schwer besprechen, den Unterricht vorbereiten und administrative Aufgaben erledigen. Zudem fehlt ein Lagerplatz f\u00fcr das Schulmaterial. Zudem fehlt ein Lagerplatz f\u00fcr das Schulmaterial.<\/p>\n\t\t\t\t\t\t\t\t<\/div>\n\t\t\t\t<\/div>\n\t\t\t\t\t<\/div>\n\t\t<\/div>\n\t\t\t\t<div class=\"elementor-column elementor-col-33 elementor-top-column elementor-element elementor-element-04ac682\" data-id=\"04ac682\" data-element_type=\"column\" data-e-type=\"column\">\n\t\t\t<div class=\"elementor-widget-wrap\">\n\t\t\t\t\t\t\t<\/div>\n\t\t<\/div>\n\t\t\t\t\t<\/div>\n\t\t<\/section>\n\t\t\t\t<section data-particle_enable=\"false\" data-particle-mobile-disabled=\"false\" class=\"elementor-section elementor-top-section elementor-element elementor-element-77db348 elementor-section-boxed elementor-section-height-default elementor-section-height-default\" data-id=\"77db348\" data-element_type=\"section\" data-e-type=\"section\">\n\t\t\t\t\t\t<div class=\"elementor-container elementor-column-gap-default\">\n\t\t\t\t\t<div class=\"elementor-column elementor-col-33 elementor-top-column elementor-element elementor-element-cf02c30\" data-id=\"cf02c30\" data-element_type=\"column\" data-e-type=\"column\">\n\t\t\t<div class=\"elementor-widget-wrap\">\n\t\t\t\t\t\t\t<\/div>\n\t\t<\/div>\n\t\t\t\t<div class=\"elementor-column elementor-col-33 elementor-top-column elementor-element elementor-element-5b8b29e\" data-id=\"5b8b29e\" data-element_type=\"column\" data-e-type=\"column\">\n\t\t\t<div class=\"elementor-widget-wrap elementor-element-populated\">\n\t\t\t\t\t\t<div class=\"elementor-element elementor-element-96929f8 elementor-widget elementor-widget-image\" data-id=\"96929f8\" data-element_type=\"widget\" data-e-type=\"widget\" data-widget_type=\"image.default\">\n\t\t\t\t<div class=\"elementor-widget-container\">\n\t\t\t\t\t\t\t\t\t\t\t\t\t\t\t<img decoding=\"async\" width=\"1024\" height=\"684\" src=\"https:\/\/we-building.org\/wp-content\/uploads\/2024\/05\/DSC_1397-1024x684.jpeg\" class=\"attachment-large size-large wp-image-13082\" alt=\"\" srcset=\"https:\/\/we-building.org\/wp-content\/uploads\/2024\/05\/DSC_1397-1024x684.jpeg 1024w, https:\/\/we-building.org\/wp-content\/uploads\/2024\/05\/DSC_1397-300x200.jpeg 300w, https:\/\/we-building.org\/wp-content\/uploads\/2024\/05\/DSC_1397-768x513.jpeg 768w, https:\/\/we-building.org\/wp-content\/uploads\/2024\/05\/DSC_1397.jpeg 1280w\" sizes=\"(max-width: 1024px) 100vw, 1024px\" \/>\t\t\t\t\t\t\t\t\t\t\t\t\t\t\t<\/div>\n\t\t\t\t<\/div>\n\t\t\t\t\t<\/div>\n\t\t<\/div>\n\t\t\t\t<div class=\"elementor-column elementor-col-33 elementor-top-column elementor-element elementor-element-0d48ff4\" data-id=\"0d48ff4\" data-element_type=\"column\" data-e-type=\"column\">\n\t\t\t<div class=\"elementor-widget-wrap\">\n\t\t\t\t\t\t\t<\/div>\n\t\t<\/div>\n\t\t\t\t\t<\/div>\n\t\t<\/section>\n\t\t\t\t<section data-particle_enable=\"false\" data-particle-mobile-disabled=\"false\" class=\"elementor-section elementor-top-section elementor-element elementor-element-340d354 elementor-section-boxed elementor-section-height-default elementor-section-height-default\" data-id=\"340d354\" data-element_type=\"section\" data-e-type=\"section\">\n\t\t\t\t\t\t<div class=\"elementor-container elementor-column-gap-default\">\n\t\t\t\t\t<div class=\"elementor-column elementor-col-33 elementor-top-column elementor-element elementor-element-e5ceb3e\" data-id=\"e5ceb3e\" data-element_type=\"column\" data-e-type=\"column\">\n\t\t\t<div class=\"elementor-widget-wrap\">\n\t\t\t\t\t\t\t<\/div>\n\t\t<\/div>\n\t\t\t\t<div class=\"elementor-column elementor-col-33 elementor-top-column elementor-element elementor-element-26e3e58\" data-id=\"26e3e58\" data-element_type=\"column\" data-e-type=\"column\">\n\t\t\t<div class=\"elementor-widget-wrap elementor-element-populated\">\n\t\t\t\t\t\t<div class=\"elementor-element elementor-element-3df87c9 elementor-widget__width-initial elementor-widget elementor-widget-text-editor\" data-id=\"3df87c9\" data-element_type=\"widget\" data-e-type=\"widget\" data-widget_type=\"text-editor.default\">\n\t\t\t\t<div class=\"elementor-widget-container\">\n\t\t\t\t\t\t\t\t\t<\/p>\n<p dir=\"ltr\"><span style=\"font-weight: 400;\"> <\/span><b style=\"font-size: 17.3333px; font-style: inherit; white-space-collapse: preserve; font-family: Arial; color: var( --e-global-color-text );\">L\u00f6sung<\/b><\/p>\n<\/p>\n<p>Zusammen mit der \u00f6rtlichen Organisation Sensimillas und der Partizipation von lokalen Akteuren wird eine neue Vorschule gebaut. Das Konzept des Neubaus richtet sich nach den UN-Nachhaltigkeitszielen Bildung; Ern\u00e4hrungssicherheit und l\u00e4ndliche Entwicklung; sauberes Wasser und Sanit\u00e4reinrichtungen; Armutsbek\u00e4mpfung sowie Frieden, Gerechtigkeit und starke Institutionen. <\/p>\n<\/p>\n<p>Die Schule soll ein nachhaltiger Lernort werden, der die Bed\u00fcrfnisse der Kinder und der Gemeinde widerspiegelt. Hierf\u00fcr werden drei Klassenr\u00e4ume, eine Schulk\u00fcche, ein Mehrzweckraum, ein Lehrerzimmer und f\u00fcnf Toiletten inklusive Waschbecken und einem f\u00fcr l\u00e4ndliche Gebiete erprobten Wasser- und Abwassersystem entstehen. Die M\u00f6bel sollen restauriert und neugebaut werden. <\/p>\n<\/p>\n<p>Um eine angemessene Schulinfrastruktur zu sichern, soll die Schule den peruanischen Bausicherheitsstandarts entsprechen und m\u00f6glichen Erdbeben und \u00dcberschwemmungen standhalten. Die Gemeinde verf\u00fcgt \u00fcber Kenntnisse und F\u00e4higkeiten im Bereich der Landwirtschaft und der Heilpflanzen. Diese Ressourcen sollen genutzt werden, um eine selbstst\u00e4ndige und nachhaltige Bewirtschaftung der Schule zu erm\u00f6glichen. Mit diesen Ma\u00dfnahmen soll die Motivation sowohl bei den Lehrenden und den Sch\u00fcler:innen gesteigert werden. Au\u00dferdem sollen die Resilienz der Gemeinde sowie die Motivation, sich f\u00fcr eigene Interessen einzusetzen und selbstst\u00e4ndig umsetzen wachsen.<\/p>\n\t\t\t\t\t\t\t\t<\/div>\n\t\t\t\t<\/div>\n\t\t\t\t\t<\/div>\n\t\t<\/div>\n\t\t\t\t<div class=\"elementor-column elementor-col-33 elementor-top-column elementor-element elementor-element-a575b08\" data-id=\"a575b08\" data-element_type=\"column\" data-e-type=\"column\">\n\t\t\t<div class=\"elementor-widget-wrap\">\n\t\t\t\t\t\t\t<\/div>\n\t\t<\/div>\n\t\t\t\t\t<\/div>\n\t\t<\/section>\n\t\t<div data-particle_enable=\"false\" data-particle-mobile-disabled=\"false\" class=\"elementor-element elementor-element-f73afb5 e-flex e-con-boxed e-con e-parent\" data-id=\"f73afb5\" data-element_type=\"container\" data-e-type=\"container\">\n\t\t\t\t\t<div class=\"e-con-inner\">\n\t\t<div data-particle_enable=\"false\" data-particle-mobile-disabled=\"false\" class=\"elementor-element elementor-element-8c2762d e-con-full e-flex e-con e-parent\" data-id=\"8c2762d\" data-element_type=\"container\" data-e-type=\"container\">\n\t\t<div data-particle_enable=\"false\" data-particle-mobile-disabled=\"false\" class=\"elementor-element elementor-element-989120d e-con-full e-flex e-con e-parent\" data-id=\"989120d\" data-element_type=\"container\" data-e-type=\"container\">\n\t\t\t\t<div class=\"elementor-element elementor-element-0d21544 elementor-widget elementor-widget-image\" data-id=\"0d21544\" data-element_type=\"widget\" data-e-type=\"widget\" data-widget_type=\"image.default\">\n\t\t\t\t<div class=\"elementor-widget-container\">\n\t\t\t\t\t\t\t\t\t\t\t\t\t\t\t<img decoding=\"async\" width=\"1024\" height=\"684\" src=\"https:\/\/we-building.org\/wp-content\/uploads\/2024\/05\/DSC_1839-1024x684.jpeg\" class=\"attachment-large size-large wp-image-13086\" alt=\"\" srcset=\"https:\/\/we-building.org\/wp-content\/uploads\/2024\/05\/DSC_1839-1024x684.jpeg 1024w, https:\/\/we-building.org\/wp-content\/uploads\/2024\/05\/DSC_1839-300x200.jpeg 300w, https:\/\/we-building.org\/wp-content\/uploads\/2024\/05\/DSC_1839-768x513.jpeg 768w, https:\/\/we-building.org\/wp-content\/uploads\/2024\/05\/DSC_1839.jpeg 1280w\" sizes=\"(max-width: 1024px) 100vw, 1024px\" \/>\t\t\t\t\t\t\t\t\t\t\t\t\t\t\t<\/div>\n\t\t\t\t<\/div>\n\t\t\t\t<div class=\"elementor-element elementor-element-64371e6 elementor-widget__width-initial elementor-widget elementor-widget-image\" data-id=\"64371e6\" data-element_type=\"widget\" data-e-type=\"widget\" data-widget_type=\"image.default\">\n\t\t\t\t<div class=\"elementor-widget-container\">\n\t\t\t\t\t\t\t\t\t\t\t\t\t\t\t<img loading=\"lazy\" decoding=\"async\" width=\"1024\" height=\"684\" src=\"https:\/\/we-building.org\/wp-content\/uploads\/2024\/05\/DSC_1581-1024x684.jpeg\" class=\"attachment-large size-large wp-image-13088\" alt=\"\" srcset=\"https:\/\/we-building.org\/wp-content\/uploads\/2024\/05\/DSC_1581-1024x684.jpeg 1024w, https:\/\/we-building.org\/wp-content\/uploads\/2024\/05\/DSC_1581-300x200.jpeg 300w, https:\/\/we-building.org\/wp-content\/uploads\/2024\/05\/DSC_1581-768x513.jpeg 768w, https:\/\/we-building.org\/wp-content\/uploads\/2024\/05\/DSC_1581.jpeg 1280w\" sizes=\"(max-width: 1024px) 100vw, 1024px\" \/>\t\t\t\t\t\t\t\t\t\t\t\t\t\t\t<\/div>\n\t\t\t\t<\/div>\n\t\t\t\t<\/div>\n\t\t\t\t<\/div>\n\t\t<div data-particle_enable=\"false\" data-particle-mobile-disabled=\"false\" class=\"elementor-element elementor-element-0705902 e-con-full e-flex e-con e-parent\" data-id=\"0705902\" data-element_type=\"container\" data-e-type=\"container\">\n\t\t\t\t<div class=\"elementor-element elementor-element-30e4bc4 elementor-widget__width-initial elementor-widget elementor-widget-image\" data-id=\"30e4bc4\" data-element_type=\"widget\" data-e-type=\"widget\" data-widget_type=\"image.default\">\n\t\t\t\t<div class=\"elementor-widget-container\">\n\t\t\t\t\t\t\t\t\t\t\t\t\t\t\t<img loading=\"lazy\" decoding=\"async\" width=\"855\" height=\"1280\" src=\"https:\/\/we-building.org\/wp-content\/uploads\/2024\/05\/DSC_1672.jpeg\" class=\"attachment-full size-full wp-image-13090\" alt=\"\" srcset=\"https:\/\/we-building.org\/wp-content\/uploads\/2024\/05\/DSC_1672.jpeg 855w, https:\/\/we-building.org\/wp-content\/uploads\/2024\/05\/DSC_1672-200x300.jpeg 200w, https:\/\/we-building.org\/wp-content\/uploads\/2024\/05\/DSC_1672-684x1024.jpeg 684w, https:\/\/we-building.org\/wp-content\/uploads\/2024\/05\/DSC_1672-768x1150.jpeg 768w\" sizes=\"(max-width: 855px) 100vw, 855px\" \/>\t\t\t\t\t\t\t\t\t\t\t\t\t\t\t<\/div>\n\t\t\t\t<\/div>\n\t\t\t\t<\/div>\n\t\t\t\t\t<\/div>\n\t\t\t\t<\/div>\n\t\t<div data-particle_enable=\"false\" data-particle-mobile-disabled=\"false\" class=\"elementor-element elementor-element-11dada2 e-flex e-con-boxed e-con e-parent\" data-id=\"11dada2\" data-element_type=\"container\" data-e-type=\"container\">\n\t\t\t\t\t<div class=\"e-con-inner\">\n\t\t\t\t\t<\/div>\n\t\t\t\t<\/div>\n\t\t\t\t<\/div>\n\t\t","protected":false},"excerpt":{"rendered":"<p>A Preschool in San Antonio de Sonomoro, Peru Jahr2023 &#8211; Laufend StandortSan Antonio de Sonomoro, Pangoa, Jun\u00edn, Per\u00fa. UmfeldL\u00e4ndlich Gr\u00f6\u00dfe3 Klassenzimmer, ein Lehrerzimmer, ein Mehrzweckraum, eine Schulk\u00fcche, 5 Toiletten, ein nachhaltiges Wasser- und Abwassersystem LeistungFinanzielle Unterst\u00fctzung PartnerAsociaci\u00f3n Semillas para el Desarrollo Sostenible, Bundesministerium f\u00fcr wirtschaftliche Zusammenarbeit und Entwicklung NachhaltigkeitLokale Mitarbeiter, partizipative Prozesse, nat\u00fcrliche Bel\u00fcftung, Grundwasserschutz Eine Vorschule in San Antonio de Sonomoro Dieses Projekt umfasst den Bau einer neuen Vorschule in der indigenen Gemeinde San Antonio de Sonomoro, die die bauf\u00e4llige Vorschule ersetzen soll. Es wurde unter umfassender Beteiligung der Gemeinschaft entworfen und gebaut. Das neue Geb\u00e4ude wird den achtundsechzig Kindern und dem &hellip;<\/p>\n<p class=\"read-more\"> <a class=\"\" href=\"https:\/\/we-building.org\/de\/sonomoro\/\"> <span class=\"screen-reader-text\">sonomoro<\/span> &#8230;<\/a><\/p>\n","protected":false},"author":1,"featured_media":0,"parent":0,"menu_order":0,"comment_status":"closed","ping_status":"closed","template":"","meta":{"site-sidebar-layout":"no-sidebar","site-content-layout":"page-builder","ast-global-header-display":"","ast-banner-title-visibility":"","ast-main-header-display":"disabled","ast-hfb-above-header-display":"","ast-hfb-below-header-display":"","ast-hfb-mobile-header-display":"","site-post-title":"disabled","ast-breadcrumbs-content":"disabled","ast-featured-img":"disabled","footer-sml-layout":"disabled","theme-transparent-header-meta":"default","adv-header-id-meta":"","stick-header-meta":"","header-above-stick-meta":"","header-main-stick-meta":"","header-below-stick-meta":"","footnotes":"","_links_to":"","_links_to_target":""},"class_list":["post-13108","page","type-page","status-publish","hentry"],"yoast_head":"<!-- This site is optimized with the Yoast SEO plugin v26.9 - https:\/\/yoast.com\/product\/yoast-seo-wordpress\/ -->\n<title>Eine Vorschule in San Antonio de Sonomoro | We-Building<\/title>\n<meta name=\"description\" content=\"Neue Vorschule f\u00fcr die Kinder der indigenen Gemeinde in San Antonio de Sonomoro, Peru.\" \/>\n<meta name=\"robots\" content=\"index, follow, max-snippet:-1, max-image-preview:large, max-video-preview:-1\" \/>\n<link rel=\"canonical\" href=\"https:\/\/we-building.org\/sonomoro\/\" \/>\n<meta property=\"og:locale\" content=\"de_DE\" \/>\n<meta property=\"og:type\" content=\"article\" \/>\n<meta property=\"og:title\" content=\"Eine Vorschule in San Antonio de Sonomoro | We-Building\" \/>\n<meta property=\"og:description\" content=\"Neue Vorschule f\u00fcr die Kinder der indigenen Gemeinde in San Antonio de Sonomoro, Peru.\" \/>\n<meta property=\"og:url\" content=\"https:\/\/we-building.org\/sonomoro\/\" \/>\n<meta property=\"og:site_name\" content=\"WEbuilding\" \/>\n<meta property=\"article:modified_time\" content=\"2024-05-30T11:24:00+00:00\" \/>\n<meta property=\"og:image\" content=\"https:\/\/we-building.org\/wp-content\/uploads\/2024\/05\/IMG_4461-1024x768.jpg\" \/>\n<meta name=\"twitter:card\" content=\"summary_large_image\" \/>\n<meta name=\"twitter:label1\" content=\"Gesch\u00e4tzte Lesezeit\" \/>\n\t<meta name=\"twitter:data1\" content=\"5 Minuten\" \/>\n<script type=\"application\/ld+json\" class=\"yoast-schema-graph\">{\"@context\":\"https:\/\/schema.org\",\"@graph\":[{\"@type\":\"WebPage\",\"@id\":\"https:\/\/we-building.org\/sonomoro\/\",\"url\":\"https:\/\/we-building.org\/sonomoro\/\",\"name\":\"Eine Vorschule in San Antonio de Sonomoro | We-Building\",\"isPartOf\":{\"@id\":\"https:\/\/we-building.org\/#website\"},\"primaryImageOfPage\":{\"@id\":\"https:\/\/we-building.org\/sonomoro\/#primaryimage\"},\"image\":{\"@id\":\"https:\/\/we-building.org\/sonomoro\/#primaryimage\"},\"thumbnailUrl\":\"https:\/\/we-building.org\/wp-content\/uploads\/2024\/05\/IMG_4461-1024x768.jpg\",\"datePublished\":\"2024-05-30T08:37:54+00:00\",\"dateModified\":\"2024-05-30T11:24:00+00:00\",\"description\":\"Neue Vorschule f\u00fcr die Kinder der indigenen Gemeinde in San Antonio de Sonomoro, Peru.\",\"breadcrumb\":{\"@id\":\"https:\/\/we-building.org\/sonomoro\/#breadcrumb\"},\"inLanguage\":\"de-DE\",\"potentialAction\":[{\"@type\":\"ReadAction\",\"target\":[\"https:\/\/we-building.org\/sonomoro\/\"]}]},{\"@type\":\"ImageObject\",\"inLanguage\":\"de-DE\",\"@id\":\"https:\/\/we-building.org\/sonomoro\/#primaryimage\",\"url\":\"https:\/\/we-building.org\/wp-content\/uploads\/2024\/05\/IMG_4461-1024x768.jpg\",\"contentUrl\":\"https:\/\/we-building.org\/wp-content\/uploads\/2024\/05\/IMG_4461-1024x768.jpg\"},{\"@type\":\"BreadcrumbList\",\"@id\":\"https:\/\/we-building.org\/sonomoro\/#breadcrumb\",\"itemListElement\":[{\"@type\":\"ListItem\",\"position\":1,\"name\":\"Home\",\"item\":\"https:\/\/we-building.org\/de\/index\/\"},{\"@type\":\"ListItem\",\"position\":2,\"name\":\"sonomoro\"}]},{\"@type\":\"WebSite\",\"@id\":\"https:\/\/we-building.org\/#website\",\"url\":\"https:\/\/we-building.org\/\",\"name\":\"WEbuilding\",\"description\":\"Using sustainable architecture to help communities around the world build a better and brighter future.\",\"publisher\":{\"@id\":\"https:\/\/we-building.org\/#organization\"},\"potentialAction\":[{\"@type\":\"SearchAction\",\"target\":{\"@type\":\"EntryPoint\",\"urlTemplate\":\"https:\/\/we-building.org\/?s={search_term_string}\"},\"query-input\":{\"@type\":\"PropertyValueSpecification\",\"valueRequired\":true,\"valueName\":\"search_term_string\"}}],\"inLanguage\":\"de-DE\"},{\"@type\":\"Organization\",\"@id\":\"https:\/\/we-building.org\/#organization\",\"name\":\"WEbuilding\",\"url\":\"https:\/\/we-building.org\/\",\"logo\":{\"@type\":\"ImageObject\",\"inLanguage\":\"de-DE\",\"@id\":\"https:\/\/we-building.org\/#\/schema\/logo\/image\/\",\"url\":\"https:\/\/we-building.org\/wp-content\/uploads\/2020\/02\/cropped-12_Logo-1.png\",\"contentUrl\":\"https:\/\/we-building.org\/wp-content\/uploads\/2020\/02\/cropped-12_Logo-1.png\",\"width\":2288,\"height\":2288,\"caption\":\"WEbuilding\"},\"image\":{\"@id\":\"https:\/\/we-building.org\/#\/schema\/logo\/image\/\"}}]}<\/script>\n<!-- \/ Yoast SEO plugin. -->","yoast_head_json":{"title":"Eine Vorschule in San Antonio de Sonomoro | We-Building","description":"Neue Vorschule f\u00fcr die Kinder der indigenen Gemeinde in San Antonio de Sonomoro, Peru.","robots":{"index":"index","follow":"follow","max-snippet":"max-snippet:-1","max-image-preview":"max-image-preview:large","max-video-preview":"max-video-preview:-1"},"canonical":"https:\/\/we-building.org\/sonomoro\/","og_locale":"de_DE","og_type":"article","og_title":"Eine Vorschule in San Antonio de Sonomoro | We-Building","og_description":"Neue Vorschule f\u00fcr die Kinder der indigenen Gemeinde in San Antonio de Sonomoro, Peru.","og_url":"https:\/\/we-building.org\/sonomoro\/","og_site_name":"WEbuilding","article_modified_time":"2024-05-30T11:24:00+00:00","og_image":[{"url":"https:\/\/we-building.org\/wp-content\/uploads\/2024\/05\/IMG_4461-1024x768.jpg","type":"","width":"","height":""}],"twitter_card":"summary_large_image","twitter_misc":{"Gesch\u00e4tzte Lesezeit":"5 Minuten"},"schema":{"@context":"https:\/\/schema.org","@graph":[{"@type":"WebPage","@id":"https:\/\/we-building.org\/sonomoro\/","url":"https:\/\/we-building.org\/sonomoro\/","name":"Eine Vorschule in San Antonio de Sonomoro | We-Building","isPartOf":{"@id":"https:\/\/we-building.org\/#website"},"primaryImageOfPage":{"@id":"https:\/\/we-building.org\/sonomoro\/#primaryimage"},"image":{"@id":"https:\/\/we-building.org\/sonomoro\/#primaryimage"},"thumbnailUrl":"https:\/\/we-building.org\/wp-content\/uploads\/2024\/05\/IMG_4461-1024x768.jpg","datePublished":"2024-05-30T08:37:54+00:00","dateModified":"2024-05-30T11:24:00+00:00","description":"Neue Vorschule f\u00fcr die Kinder der indigenen Gemeinde in San Antonio de Sonomoro, Peru.","breadcrumb":{"@id":"https:\/\/we-building.org\/sonomoro\/#breadcrumb"},"inLanguage":"de-DE","potentialAction":[{"@type":"ReadAction","target":["https:\/\/we-building.org\/sonomoro\/"]}]},{"@type":"ImageObject","inLanguage":"de-DE","@id":"https:\/\/we-building.org\/sonomoro\/#primaryimage","url":"https:\/\/we-building.org\/wp-content\/uploads\/2024\/05\/IMG_4461-1024x768.jpg","contentUrl":"https:\/\/we-building.org\/wp-content\/uploads\/2024\/05\/IMG_4461-1024x768.jpg"},{"@type":"BreadcrumbList","@id":"https:\/\/we-building.org\/sonomoro\/#breadcrumb","itemListElement":[{"@type":"ListItem","position":1,"name":"Home","item":"https:\/\/we-building.org\/de\/index\/"},{"@type":"ListItem","position":2,"name":"sonomoro"}]},{"@type":"WebSite","@id":"https:\/\/we-building.org\/#website","url":"https:\/\/we-building.org\/","name":"WEbuilding","description":"Using sustainable architecture to help communities around the world build a better and brighter future.","publisher":{"@id":"https:\/\/we-building.org\/#organization"},"potentialAction":[{"@type":"SearchAction","target":{"@type":"EntryPoint","urlTemplate":"https:\/\/we-building.org\/?s={search_term_string}"},"query-input":{"@type":"PropertyValueSpecification","valueRequired":true,"valueName":"search_term_string"}}],"inLanguage":"de-DE"},{"@type":"Organization","@id":"https:\/\/we-building.org\/#organization","name":"WEbuilding","url":"https:\/\/we-building.org\/","logo":{"@type":"ImageObject","inLanguage":"de-DE","@id":"https:\/\/we-building.org\/#\/schema\/logo\/image\/","url":"https:\/\/we-building.org\/wp-content\/uploads\/2020\/02\/cropped-12_Logo-1.png","contentUrl":"https:\/\/we-building.org\/wp-content\/uploads\/2020\/02\/cropped-12_Logo-1.png","width":2288,"height":2288,"caption":"WEbuilding"},"image":{"@id":"https:\/\/we-building.org\/#\/schema\/logo\/image\/"}}]}},"_links":{"self":[{"href":"https:\/\/we-building.org\/de\/wp-json\/wp\/v2\/pages\/13108","targetHints":{"allow":["GET"]}}],"collection":[{"href":"https:\/\/we-building.org\/de\/wp-json\/wp\/v2\/pages"}],"about":[{"href":"https:\/\/we-building.org\/de\/wp-json\/wp\/v2\/types\/page"}],"author":[{"embeddable":true,"href":"https:\/\/we-building.org\/de\/wp-json\/wp\/v2\/users\/1"}],"replies":[{"embeddable":true,"href":"https:\/\/we-building.org\/de\/wp-json\/wp\/v2\/comments?post=13108"}],"version-history":[{"count":0,"href":"https:\/\/we-building.org\/de\/wp-json\/wp\/v2\/pages\/13108\/revisions"}],"wp:attachment":[{"href":"https:\/\/we-building.org\/de\/wp-json\/wp\/v2\/media?parent=13108"}],"curies":[{"name":"wp","href":"https:\/\/api.w.org\/{rel}","templated":true}]}}